{"id":7424,"date":"2015-05-21T09:53:21","date_gmt":"2015-05-21T09:53:21","guid":{"rendered":"https:\/\/feira-cutelaria.pt\/es\/about\/"},"modified":"2026-01-16T01:14:57","modified_gmt":"2026-01-16T01:14:57","slug":"about","status":"publish","type":"page","link":"https:\/\/feira-cutelaria.pt\/es\/about\/","title":{"rendered":"Presentaci\u00f3n"},"content":{"rendered":"<p><section class=\"fw-main-row  \" style=\"\"  >\n\t<div class=\"fw-main-row-bg\" style=\" \" ><\/div>\n\t<div class=\"fw-main-row-overlay\" ><\/div>\n\t<div class=\"fw-container-fluid no-gutter\">\n\t\t<div class=\"fw-row\">\n\t<div class=\"fw-col-xs-12\">\n\t<div class=\"fw-col-inner\" style=\"color:;padding-top:px;padding-right:px;padding-bottom:px;padding-left:px;\">\n\t\t<div class=\"overlay\" style=\"background-color:;\"><\/div>\n\t\t<div class=\"fw-col-content\">\n\t\t\t\n<div class=\"ht-reslider\" style=\"position: relative; z-index: 1;\">\n\t<\/div>\t\t<\/div>\n\t<\/div>\n<\/div><\/div>\n\n\t<\/div>\n<\/section>\n<section class=\"fw-main-row  \" style=\"margin-top:100px;margin-bottom:70px;\"  >\n\t<div class=\"fw-main-row-bg\" style=\" \" ><\/div>\n\t<div class=\"fw-main-row-overlay\" ><\/div>\n\t<div class=\"fw-container \">\n\t\t<div class=\"fw-row\">\n\t<div class=\"fw-col-xs-12 fw-col-sm-6\">\n\t<div class=\"fw-col-inner\" style=\"color:;padding-top:px;padding-right:px;padding-bottom:px;padding-left:px;\">\n\t\t<div class=\"overlay\" style=\"background-color:;\"><\/div>\n\t\t<div class=\"fw-col-content\">\n\t\t\t\n<div class=\"ht-heading-group special\">\n\t<div class=\"entry-content text-center\">\n\t\t\t\t\t<h2 class=\"title special\" style=\"font-size: 25px;color: #c3917d;\"><span> Presentaci\u00f3n<\/span><\/h2>\n\t\t\t\t\t\t\t<p class=\"tiny-subtitle\">EVERYTHING START FROM DREAMS<\/p>\n\t\t\n\t\t<div class=\"motif\"><i class=\"ht-motif cherry-motif\"><\/i><\/div>\n\t\t\t\t\t<\/div>\n\t<!-- \/.entry-content -->\n<\/div>\n<!-- \/.ht-feature-boxes --><div class=\"ht-text-block\" style=\"font-size: px; padding: 0 0;\">\n\t<p style=\"text-align: justify;\"><em>La IV Feria Internacional de Cuchiller\u00eda Artesanal tendr\u00e1 lugar los d\u00edas <strong>7 y 8 de octubre<\/strong> de 2022 en el Museo Militar de <strong>Lisboa<\/strong>, con entrada gratuita, que incluye una visita a las salas de exposici\u00f3n.<\/em><br \/><em>Est\u00e1 destinado a ser un punto de encuentro entre productores, proveedores y aficionados al arte de la cuchiller\u00eda, en el intercambio de experiencias, exhibici\u00f3n de piezas \u00fanicas y difusi\u00f3n a la poblaci\u00f3n.<\/em><br \/><em>La curiosidad sobre el arte del trabajo del hierro ha reunido a generaciones, y en la \u00faltima d\u00e9cada han surgido un n\u00famero considerable de productores de cuchiller\u00eda locales, respaldados por la evoluci\u00f3n de la tecnolog\u00eda de la informaci\u00f3n.<\/em><br \/><em>Durante los 2 d\u00edas del evento, el p\u00fablico tendr\u00e1 la oportunidad de disfrutar piezas \u00fanicas de cuchillos de producci\u00f3n nacional e internacional, contactar directamente con sus productores, participar en talleres de cuchiller\u00eda y asistir a sesiones de informaci\u00f3n sobre armas blancas y recolecci\u00f3n.<\/em><\/p><\/div>\t\t<\/div>\n\t<\/div>\n<\/div><div class=\"fw-col-xs-12 fw-col-sm-6\">\n\t<div class=\"fw-col-inner\" style=\"color:;padding-top:px;padding-right:px;padding-bottom:px;padding-left:px;\">\n\t\t<div class=\"overlay\" style=\"background-color:;\"><\/div>\n\t\t<div class=\"fw-col-content\">\n\t\t\t\n\n\t<div class=\"ht-images-grid\">\n\t\t<div class=\"entry-media\">\n\t\t\t<div class=\"ht-lightbox-gallery row\" data-child=\".image-wrapper\">\n\t\t\t\t\t\t\t\t<a href=\"https:\/\/feira-cutelaria.pt\/wp-content\/uploads\/2015\/05\/falcata572x301.jpg\" class=\"image-wrapper col-xs-12\">\n\t\t\t\t\t<div class=\"image-inner\">\n\t\t\t\t\t\t<img decoding=\"async\" src=\"https:\/\/feira-cutelaria.pt\/wp-content\/uploads\/2015\/05\/falcata572x301.jpg\" alt=\"\">\n\t\t\t\t\t<\/div>\n\t\t\t\t<\/a>\n\t\t\t\t\t\t\t\t<a href=\"https:\/\/feira-cutelaria.pt\/wp-content\/uploads\/2015\/05\/banner_570x150-2.jpg\" class=\"image-wrapper col-xs-12\">\n\t\t\t\t\t<div class=\"image-inner\">\n\t\t\t\t\t\t<img decoding=\"async\" src=\"https:\/\/feira-cutelaria.pt\/wp-content\/uploads\/2015\/05\/banner_570x150-2.jpg\" alt=\"\">\n\t\t\t\t\t<\/div>\n\t\t\t\t<\/a>\n\t\t\t\t\t\t\t<\/div>\n\t\t\t<!-- \/.row -->\n\t\t<\/div>\n\t\t<!-- \/.entry-media -->\n\t<\/div>\n\t<!-- \/.ht-feature-boxes -->\n\t\t<\/div>\n\t<\/div>\n<\/div><\/div>\n\n\t<\/div>\n<\/section>\n<\/p>\n","protected":false},"excerpt":{"rendered":"<p>Presentaci\u00f3n EVERYTHING START FROM DREAMS La IV Feria Internacional de Cuchiller\u00eda Artesanal tendr\u00e1 lugar los d\u00edas 7 y 8 de<\/p>\n","protected":false},"author":1,"featured_media":0,"parent":0,"menu_order":0,"comment_status":"open","ping_status":"open","template":"","meta":{"_exactmetrics_skip_tracking":false,"_exactmetrics_sitenote_active":false,"_exactmetrics_sitenote_note":"","_exactmetrics_sitenote_category":0,"footnotes":""},"class_list":["post-7424","page","type-page","status-publish","hentry"],"_links":{"self":[{"href":"https:\/\/feira-cutelaria.pt\/es\/wp-json\/wp\/v2\/pages\/7424","targetHints":{"allow":["GET"]}}],"collection":[{"href":"https:\/\/feira-cutelaria.pt\/es\/wp-json\/wp\/v2\/pages"}],"about":[{"href":"https:\/\/feira-cutelaria.pt\/es\/wp-json\/wp\/v2\/types\/page"}],"author":[{"embeddable":true,"href":"https:\/\/feira-cutelaria.pt\/es\/wp-json\/wp\/v2\/users\/1"}],"replies":[{"embeddable":true,"href":"https:\/\/feira-cutelaria.pt\/es\/wp-json\/wp\/v2\/comments?post=7424"}],"version-history":[{"count":10,"href":"https:\/\/feira-cutelaria.pt\/es\/wp-json\/wp\/v2\/pages\/7424\/revisions"}],"predecessor-version":[{"id":11064,"href":"https:\/\/feira-cutelaria.pt\/es\/wp-json\/wp\/v2\/pages\/7424\/revisions\/11064"}],"wp:attachment":[{"href":"https:\/\/feira-cutelaria.pt\/es\/wp-json\/wp\/v2\/media?parent=7424"}],"curies":[{"name":"wp","href":"https:\/\/api.w.org\/{rel}","templated":true}]}}